{"version":"1.0","provider_name":"CONSTANT - Conferin\u0163a studen\u0163easc\u0103 anual\u0103 &quot;Nicolae Titulescu&quot;","provider_url":"http:\/\/george2.univnt.ro","author_name":"adming2","author_url":"http:\/\/george2.univnt.ro\/index.php\/author\/adming2\/","title":"Concursul Na\u0163ional de Drept Umanitar \u015fi Dreptul Refugia\u0163ilor - CONSTANT - Conferin\u0163a studen\u0163easc\u0103 anual\u0103 &quot;Nicolae Titulescu&quot;","type":"rich","width":600,"height":338,"html":"<blockquote class=\"wp-embedded-content\" data-secret=\"0kmSVHzpuQ\"><a href=\"http:\/\/george2.univnt.ro\/index.php\/concursul-national-de-drept-umanitar-si-dreptul-refugiatilor\/\">Concursul Na\u0163ional de Drept Umanitar \u015fi Dreptul Refugia\u0163ilor<\/a><\/blockquote><iframe sandbox=\"allow-scripts\" security=\"restricted\" src=\"http:\/\/george2.univnt.ro\/index.php\/concursul-national-de-drept-umanitar-si-dreptul-refugiatilor\/embed\/#?secret=0kmSVHzpuQ\" width=\"600\" height=\"338\" title=\"&#8220;Concursul Na\u0163ional de Drept Umanitar \u015fi Dreptul Refugia\u0163ilor&#8221; &#8212; CONSTANT - Conferin\u0163a studen\u0163easc\u0103 anual\u0103 &quot;Nicolae Titulescu&quot;\" data-secret=\"0kmSVHzpuQ\" frameborder=\"0\" marginwidth=\"0\" marginheight=\"0\" scrolling=\"no\" class=\"wp-embedded-content\"><\/iframe><script>\n\/*! This file is auto-generated *\/\n!function(c,l){\"use strict\";var e=!1,o=!1;if(l.querySelector)if(c.addEventListener)e=!0;if(c.wp=c.wp||{},c.wp.receiveEmbedMessage);else if(c.wp.receiveEmbedMessage=function(e){var t=e.data;if(!t);else if(!(t.secret||t.message||t.value));else if(\/[^a-zA-Z0-9]\/.test(t.secret));else{for(var r,s,a,i=l.querySelectorAll('iframe[data-secret=\"'+t.secret+'\"]'),n=l.querySelectorAll('blockquote[data-secret=\"'+t.secret+'\"]'),o=0;o<n.length;o++)n[o].style.display=\"none\";for(o=0;o<i.length;o++)if(r=i[o],e.source!==r.contentWindow);else{if(r.removeAttribute(\"style\"),\"height\"===t.message){if(1e3<(s=parseInt(t.value,10)))s=1e3;else if(~~s<200)s=200;r.height=s}if(\"link\"===t.message)if(s=l.createElement(\"a\"),a=l.createElement(\"a\"),s.href=r.getAttribute(\"src\"),a.href=t.value,a.host===s.host)if(l.activeElement===r)c.top.location.href=t.value}}},e)c.addEventListener(\"message\",c.wp.receiveEmbedMessage,!1),l.addEventListener(\"DOMContentLoaded\",t,!1),c.addEventListener(\"load\",t,!1);function t(){if(o);else{o=!0;for(var e,t,r,s=-1!==navigator.appVersion.indexOf(\"MSIE 10\"),a=!!navigator.userAgent.match(\/Trident.*rv:11\\.\/),i=l.querySelectorAll(\"iframe.wp-embedded-content\"),n=0;n<i.length;n++){if(!(r=(t=i[n]).getAttribute(\"data-secret\")))r=Math.random().toString(36).substr(2,10),t.src+=\"#?secret=\"+r,t.setAttribute(\"data-secret\",r);if(s||a)(e=t.cloneNode(!0)).removeAttribute(\"security\"),t.parentNode.replaceChild(e,t);t.contentWindow.postMessage({message:\"ready\",secret:r},\"*\")}}}}(window,document);\n<\/script>\n","description":"CONCURSUL NA\u0162IONAL DE DREPT UMANITAR \u015eI DREPTUL REFUGIA\u0162ILOR \u201eNICOLAE TITULESCU\u201d Edi\u0163ia a VII-a,\u00a0 8-10 decembrie 2014 Organizatori: \u2022\u00a0\u00a0 \u00a0Universitatea Nicolae Titulescu din Bucure\u015fti, Centrul de Studii de Drept Umanitar din cadrul Universit\u0103\u0163ii Nicolae Titulescu din Bucure\u015fti \u2022\u00a0\u00a0 \u00a0\u00cenaltul Comisariat O.N.U. pentru Refugia\u0163i \u2022\u00a0\u00a0 \u00a0Societatea Na\u0163ional\u0103 de Cruce Ro\u015fie din Rom\u00e2nia \u2022\u00a0\u00a0 \u00a0Comsia Nationala de Drept [&hellip;]"}