{"version":"1.0","provider_name":"CONSTANT - Conferin\u0163a studen\u0163easc\u0103 anual\u0103 &quot;Nicolae Titulescu&quot;","provider_url":"http:\/\/george2.univnt.ro","author_name":"adming2","author_url":"http:\/\/george2.univnt.ro\/index.php\/author\/adming2\/","title":"SEARA DE COLINDE. Daruieste o speranta! - CONSTANT - Conferin\u0163a studen\u0163easc\u0103 anual\u0103 &quot;Nicolae Titulescu&quot;","type":"rich","width":600,"height":338,"html":"<blockquote class=\"wp-embedded-content\" data-secret=\"m5lC44iyt1\"><a href=\"http:\/\/george2.univnt.ro\/index.php\/seara-de-colinde-daruieste-o-speranta\/\">SEARA DE COLINDE. Daruieste o speranta!<\/a><\/blockquote><iframe sandbox=\"allow-scripts\" security=\"restricted\" src=\"http:\/\/george2.univnt.ro\/index.php\/seara-de-colinde-daruieste-o-speranta\/embed\/#?secret=m5lC44iyt1\" width=\"600\" height=\"338\" title=\"&#8220;SEARA DE COLINDE. Daruieste o speranta!&#8221; &#8212; CONSTANT - Conferin\u0163a studen\u0163easc\u0103 anual\u0103 &quot;Nicolae Titulescu&quot;\" data-secret=\"m5lC44iyt1\" frameborder=\"0\" marginwidth=\"0\" marginheight=\"0\" scrolling=\"no\" class=\"wp-embedded-content\"><\/iframe><script>\n\/*! This file is auto-generated *\/\n!function(c,l){\"use strict\";var e=!1,o=!1;if(l.querySelector)if(c.addEventListener)e=!0;if(c.wp=c.wp||{},c.wp.receiveEmbedMessage);else if(c.wp.receiveEmbedMessage=function(e){var t=e.data;if(!t);else if(!(t.secret||t.message||t.value));else if(\/[^a-zA-Z0-9]\/.test(t.secret));else{for(var r,s,a,i=l.querySelectorAll('iframe[data-secret=\"'+t.secret+'\"]'),n=l.querySelectorAll('blockquote[data-secret=\"'+t.secret+'\"]'),o=0;o<n.length;o++)n[o].style.display=\"none\";for(o=0;o<i.length;o++)if(r=i[o],e.source!==r.contentWindow);else{if(r.removeAttribute(\"style\"),\"height\"===t.message){if(1e3<(s=parseInt(t.value,10)))s=1e3;else if(~~s<200)s=200;r.height=s}if(\"link\"===t.message)if(s=l.createElement(\"a\"),a=l.createElement(\"a\"),s.href=r.getAttribute(\"src\"),a.href=t.value,a.host===s.host)if(l.activeElement===r)c.top.location.href=t.value}}},e)c.addEventListener(\"message\",c.wp.receiveEmbedMessage,!1),l.addEventListener(\"DOMContentLoaded\",t,!1),c.addEventListener(\"load\",t,!1);function t(){if(o);else{o=!0;for(var e,t,r,s=-1!==navigator.appVersion.indexOf(\"MSIE 10\"),a=!!navigator.userAgent.match(\/Trident.*rv:11\\.\/),i=l.querySelectorAll(\"iframe.wp-embedded-content\"),n=0;n<i.length;n++){if(!(r=(t=i[n]).getAttribute(\"data-secret\")))r=Math.random().toString(36).substr(2,10),t.src+=\"#?secret=\"+r,t.setAttribute(\"data-secret\",r);if(s||a)(e=t.cloneNode(!0)).removeAttribute(\"security\"),t.parentNode.replaceChild(e,t);t.contentWindow.postMessage({message:\"ready\",secret:r},\"*\")}}}}(window,document);\n<\/script>\n","description":"Dragii no\u015ftri profesori \u015fi studen\u0163i, membri ai comunit\u0103\u0163ii academice din Universitatea \u201eNicolae Titulescu\u201c, Vin s\u0103rb\u0103torile de iarn\u0103!! V\u0103 a\u015ftept\u0103m s\u0103 ne bucur\u0103m \u00eempreun\u0103 de spiritul colindelor rom\u00e2ne\u015fti, \u00een cadrul concertului organizat de A.S.U.N.T., pe 18 decembrie, ora 17:00, \u00een amfiteatrul 1. Universitatea noastr\u0103, noi to\u0163i, vom fi \u00eenv\u0103lui\u0163i de florile dalbe, flori de m\u0103r &#8230; [&hellip;]"}