{"version":"1.0","provider_name":"CONSTANT - Conferin\u0163a studen\u0163easc\u0103 anual\u0103 &quot;Nicolae Titulescu&quot;","provider_url":"http:\/\/george2.univnt.ro","author_name":"adming2","author_url":"http:\/\/george2.univnt.ro\/index.php\/author\/adming2\/","title":"Stagiu Voluntariat - CONSTANT - Conferin\u0163a studen\u0163easc\u0103 anual\u0103 &quot;Nicolae Titulescu&quot;","type":"rich","width":600,"height":338,"html":"<blockquote class=\"wp-embedded-content\" data-secret=\"5VQlvNQXvM\"><a href=\"http:\/\/george2.univnt.ro\/index.php\/stagiu-voluntariat\/\">Stagiu Voluntariat<\/a><\/blockquote><iframe sandbox=\"allow-scripts\" security=\"restricted\" src=\"http:\/\/george2.univnt.ro\/index.php\/stagiu-voluntariat\/embed\/#?secret=5VQlvNQXvM\" width=\"600\" height=\"338\" title=\"&#8220;Stagiu Voluntariat&#8221; &#8212; CONSTANT - Conferin\u0163a studen\u0163easc\u0103 anual\u0103 &quot;Nicolae Titulescu&quot;\" data-secret=\"5VQlvNQXvM\" frameborder=\"0\" marginwidth=\"0\" marginheight=\"0\" scrolling=\"no\" class=\"wp-embedded-content\"><\/iframe><script>\n\/*! This file is auto-generated *\/\n!function(c,l){\"use strict\";var e=!1,o=!1;if(l.querySelector)if(c.addEventListener)e=!0;if(c.wp=c.wp||{},c.wp.receiveEmbedMessage);else if(c.wp.receiveEmbedMessage=function(e){var t=e.data;if(!t);else if(!(t.secret||t.message||t.value));else if(\/[^a-zA-Z0-9]\/.test(t.secret));else{for(var r,s,a,i=l.querySelectorAll('iframe[data-secret=\"'+t.secret+'\"]'),n=l.querySelectorAll('blockquote[data-secret=\"'+t.secret+'\"]'),o=0;o<n.length;o++)n[o].style.display=\"none\";for(o=0;o<i.length;o++)if(r=i[o],e.source!==r.contentWindow);else{if(r.removeAttribute(\"style\"),\"height\"===t.message){if(1e3<(s=parseInt(t.value,10)))s=1e3;else if(~~s<200)s=200;r.height=s}if(\"link\"===t.message)if(s=l.createElement(\"a\"),a=l.createElement(\"a\"),s.href=r.getAttribute(\"src\"),a.href=t.value,a.host===s.host)if(l.activeElement===r)c.top.location.href=t.value}}},e)c.addEventListener(\"message\",c.wp.receiveEmbedMessage,!1),l.addEventListener(\"DOMContentLoaded\",t,!1),c.addEventListener(\"load\",t,!1);function t(){if(o);else{o=!0;for(var e,t,r,s=-1!==navigator.appVersion.indexOf(\"MSIE 10\"),a=!!navigator.userAgent.match(\/Trident.*rv:11\\.\/),i=l.querySelectorAll(\"iframe.wp-embedded-content\"),n=0;n<i.length;n++){if(!(r=(t=i[n]).getAttribute(\"data-secret\")))r=Math.random().toString(36).substr(2,10),t.src+=\"#?secret=\"+r,t.setAttribute(\"data-secret\",r);if(s||a)(e=t.cloneNode(!0)).removeAttribute(\"security\"),t.parentNode.replaceChild(e,t);t.contentWindow.postMessage({message:\"ready\",secret:r},\"*\")}}}}(window,document);\n<\/script>\n","description":"Dragi studen\u021bi, ne bucur\u0103m s\u0103 v\u0103 inform\u0103m c\u0103 Ministerul Afacerilor Externe caut\u0103 studen\u021bi voluntari \u00een contextul preg\u0103tirii \u015fi exercit\u0103rii Pre\u0219edin\u021biei Rom\u00e2niei la Consiliul Uniunii Europene. Dac\u0103 sunte\u021bi interesa\u021bi s\u0103 desf\u0103\u0219ura\u021bi un stagiu de voluntariat \u00een cadrul Ministerului Afacerilor Externe, v\u0103 rug\u0103m s\u0103 citi\u021bi scrisoarea ata\u0219at\u0103 prezentului mesaj, transmis\u0103 de domnul Victor Negrescu, Ministru Delegat pentru [&hellip;]","thumbnail_url":"http:\/\/constant.univnt.ro\/uploads\/stiri\/UnivNT.png"}